{"id":26,"date":"2024-01-18T11:26:57","date_gmt":"2024-01-18T08:26:57","guid":{"rendered":"http:\/\/bekirkivrim.com.tr\/?page_id=26"},"modified":"2024-02-07T17:12:39","modified_gmt":"2024-02-07T14:12:39","slug":"ozgecmis-2","status":"publish","type":"page","link":"http:\/\/bekirkivrim.com.tr\/index.php\/ozgecmis-2\/","title":{"rendered":"\u00d6ZGE\u00c7M\u0130\u015e"},"content":{"rendered":"\n<blockquote class=\"wp-block-quote is-layout-flow wp-block-quote-is-layout-flow\">\n<h2 class=\"wp-block-heading has-luminous-vivid-amber-color has-text-color has-link-color wp-elements-bc06dbf067600649d2e8921def4ffd7a\">\u00d6ZGE\u00c7M\u0130\u015e<\/h2>\n<\/blockquote>\n\n\n\n<div class=\"wp-block-columns is-layout-flex wp-container-core-columns-is-layout-9d6595d7 wp-block-columns-is-layout-flex\">\n<div class=\"wp-block-column is-layout-flow wp-block-column-is-layout-flow\"><\/div>\n<\/div>\n\n\n\n<p><\/p>\n\n\n\n<p>23 Mart 1978 y\u0131l\u0131nda Antalya D\u00f6\u015femealt\u0131&#8217;nda d\u00fcnyaya geldim. \u0130lk, orta ve lise e\u011fitimimi Antalya\u2019da tamamlad\u0131m. \u00dcniversite e\u011fitimimi 1996 y\u0131l\u0131nda Isparta S\u00fcleyman Demirel \u00dcniversitesi \u0130ktisadi ve \u0130dari Bilimler Fak\u00fcltesi \u0130\u015fletme B\u00f6l\u00fcm\u00fc\u2019nde ba\u015flay\u0131p 2000 y\u0131l\u0131nda mezun oldum. 2009 y\u0131l\u0131na kadar \u00f6zel sekt\u00f6rde y\u00f6netici pozisyonunda \u00e7al\u0131\u015ft\u0131m. 2005 y\u0131l\u0131nda serbest muhasebeci mali m\u00fc\u015favir unvan\u0131n\u0131 ald\u0131m. Ayn\u0131 y\u0131l Antalya Serbest Muhasebeci Mali M\u00fc\u015favirler Odas\u0131\u2019na kay\u0131t oldum. 2009 y\u0131l\u0131ndan beri kendi i\u015fyerimde serbest muhasebeci mali m\u00fc\u015favirlik yapmaktay\u0131m. 2016-2019 y\u0131llar\u0131 aras\u0131nda Antalya Serbest Muhasebeci Mali M\u00fc\u015favirler Odas\u0131\u2019nda oda y\u00f6neticisi olarak g\u00f6rev yapt\u0131m. 2016-2022 y\u0131llar\u0131nda 2 d\u00f6nem T\u00dcRMOB \u00fcst delegeli\u011fi yapt\u0131m. Partimizin kurulu\u015fundan 2011 y\u0131l\u0131na kadar sand\u0131k ba\u015f\u0131, okul sorumlulu\u011fu gibi \u00e7e\u015fitli g\u00f6revlerde bulundum. 2011 y\u0131l\u0131nda yap\u0131lan 2. D\u00f6\u015femealt\u0131 Ola\u011fan \u0130l\u00e7e Kongresi\u2019nde yedek y\u00f6netim kurulu \u00fcyesi se\u00e7ildim. 2011-2014 y\u0131llar\u0131 aras\u0131nda D\u00f6\u015femealt\u0131 \u0130l\u00e7e Te\u015fkilat\u0131\u2019nda yedek y\u00f6netim kurulu \u00fcyesi olarak g\u00f6rev yapt\u0131m. 2014 y\u0131l\u0131 yerel se\u00e7imlerinde D\u00f6\u015femealt\u0131 Belediye Meclis \u00fcyeli\u011fine kontenjan 1. s\u0131radan aday oldum. 2014 y\u0131l\u0131nda yap\u0131lan 3. Ola\u011fan \u0130l\u00e7e Kongresi\u2019nde y\u00f6netim kurulu \u00fcyesi se\u00e7ilip te\u015fkilatlardan sorumlu il\u00e7e ba\u015fkan yard\u0131mc\u0131l\u0131\u011f\u0131 g\u00f6revini \u00fcstlendim. 2014-2017 y\u0131llar\u0131 aras\u0131nda il\u00e7e te\u015fkilat ba\u015fkan\u0131 olarak g\u00f6rev yapt\u0131m. 2017 y\u0131l\u0131nda yap\u0131lan 4. Ola\u011fan \u0130l\u00e7e Kongresi\u2019nde D\u00f6\u015femealt\u0131 \u0130l\u00e7e Ba\u015fkan\u0131 se\u00e7ildim. 2020 y\u0131l\u0131nda yap\u0131lan 5. Ola\u011fan \u0130l\u00e7e Kongresi\u2019nde g\u00fcven tazeleyerek tekrar D\u00f6\u015femealt\u0131 \u0130l\u00e7e Ba\u015fkan\u0131 se\u00e7ildim. 29 A\u011fustos 2023 g\u00fcn\u00fc g\u00f6revimden istifa ettim. Evliyim ve 3 \u00e7ocuk babas\u0131y\u0131m.<\/p>\n","protected":false},"excerpt":{"rendered":"<p>\u00d6ZGE\u00c7M\u0130\u015e 23 Mart 1978 y\u0131l\u0131nda Antalya D\u00f6\u015femealt\u0131&#8217;nda d\u00fcnyaya geldim. \u0130lk, orta ve lise e\u011fitimimi Antalya\u2019da tamamlad\u0131m. \u00dcniversite e\u011fitimimi 1996 y\u0131l\u0131nda Isparta S\u00fcleyman Demirel \u00dcniversitesi \u0130ktisadi ve \u0130dari Bilimler Fak\u00fcltesi \u0130\u015fletme B\u00f6l\u00fcm\u00fc\u2019nde ba\u015flay\u0131p 2000 y\u0131l\u0131nda mezun oldum. 2009 y\u0131l\u0131na kadar \u00f6zel sekt\u00f6rde y\u00f6netici pozisyonunda \u00e7al\u0131\u015ft\u0131m. 2005 y\u0131l\u0131nda serbest muhasebeci mali m\u00fc\u015favir&#8230;<\/p>\n","protected":false},"author":1,"featured_media":0,"parent":0,"menu_order":0,"comment_status":"closed","ping_status":"closed","template":"","meta":{"footnotes":""},"class_list":["post-26","page","type-page","status-publish","hentry"],"_links":{"self":[{"href":"http:\/\/bekirkivrim.com.tr\/index.php\/wp-json\/wp\/v2\/pages\/26","targetHints":{"allow":["GET"]}}],"collection":[{"href":"http:\/\/bekirkivrim.com.tr\/index.php\/wp-json\/wp\/v2\/pages"}],"about":[{"href":"http:\/\/bekirkivrim.com.tr\/index.php\/wp-json\/wp\/v2\/types\/page"}],"author":[{"embeddable":true,"href":"http:\/\/bekirkivrim.com.tr\/index.php\/wp-json\/wp\/v2\/users\/1"}],"replies":[{"embeddable":true,"href":"http:\/\/bekirkivrim.com.tr\/index.php\/wp-json\/wp\/v2\/comments?post=26"}],"version-history":[{"count":6,"href":"http:\/\/bekirkivrim.com.tr\/index.php\/wp-json\/wp\/v2\/pages\/26\/revisions"}],"predecessor-version":[{"id":1271,"href":"http:\/\/bekirkivrim.com.tr\/index.php\/wp-json\/wp\/v2\/pages\/26\/revisions\/1271"}],"wp:attachment":[{"href":"http:\/\/bekirkivrim.com.tr\/index.php\/wp-json\/wp\/v2\/media?parent=26"}],"curies":[{"name":"wp","href":"https:\/\/api.w.org\/{rel}","templated":true}]}}